{"id":3,"date":"2025-01-18T19:37:47","date_gmt":"2025-01-18T18:37:47","guid":{"rendered":"https:\/\/addo.art\/de\/?page_id=3"},"modified":"2025-08-11T09:34:19","modified_gmt":"2025-08-11T07:34:19","slug":"datenschutzerklaerung","status":"publish","type":"page","link":"https:\/\/addo.art\/de\/datenschutzerklaerung\/","title":{"rendered":"Datenschutzerkl\u00e4rung"},"content":{"rendered":"\n<h1 class=\"wp-block-heading\">Datenschutzerkl\u00e4rung<\/h1>\n\n\n\n<div class=\"wp-block-group has-copyright-klim-type-foundry-font-family has-medium-font-size has-global-padding is-layout-constrained wp-block-group-is-layout-constrained\">\n<h2 class=\"wp-block-heading\">Datenschutz<\/h2>\n\n\n\n<h4 class=\"wp-block-heading\"><strong>1. Zusammenfassung<\/strong><\/h4>\n\n\n\n<p>All\u00adge\u00admei\u00adne Infor\u00adma\u00adtio\u00adnen<\/p>\n\n\n\n<p>Die fol\u00adgen\u00adden Infor\u00adma\u00adtio\u00adnen geben einen ein\u00adfa\u00adchen \u00dcber\u00adblick dar\u00ad\u00fcber, was mit Ihren per\u00adso\u00adnen\u00adbe\u00adzo\u00adge\u00adnen Daten pas\u00adsiert, wenn Sie die\u00adse Web\u00adsite besu\u00adchen. Per\u00adso\u00adnen\u00adbe\u00adzo\u00adge\u00adne Daten sind alle Daten, mit denen Sie per\u00ads\u00f6n\u00adlich iden\u00adti\u00adfi\u00adziert wer\u00adden k\u00f6n\u00adnen. Aus\u00adf\u00fchr\u00adli\u00adche Infor\u00adma\u00adtio\u00adnen zum The\u00adma Daten\u00adschutz fin\u00adden Sie in unse\u00adrer Daten\u00adschutz\u00ader\u00adkl\u00e4\u00adrung, die unter die\u00adsem Text auf\u00adge\u00adf\u00fchrt ist.<\/p>\n\n\n\n<h4 class=\"wp-block-heading\">Datenerfassung auf dieser Website<\/h4>\n\n\n\n<h5 class=\"wp-block-heading\">Wer ist f\u00fcr die Datenerfassung auf dieser Website verantwortlich?<\/h5>\n\n\n\n<p>Die Daten\u00adver\u00adar\u00adbei\u00adtung auf die\u00adser Web\u00adsite erfolgt durch den Web\u00adsite\u00adbe\u00adtrei\u00adber. Des\u00adsen Kon\u00adtakt\u00adda\u00adten k\u00f6n\u00adnen Sie dem Abschnitt \u201eHin\u00adweis zur ver\u00adant\u00adwort\u00adli\u00adchen Stel\u00adle\u201c in die\u00adser Daten\u00adschutz\u00ader\u00adkl\u00e4\u00adrung ent\u00adneh\u00admen.<\/p>\n\n\n\n<p>Wie erfas\u00adsen wir Ihre Daten?<\/p>\n\n\n\n<p>Ihre Daten wer\u00adden zum einen dadurch erho\u00adben, dass Sie uns die\u00adse mit\u00adtei\u00adlen. Hier\u00adbei kann es sich z. B. um Daten han\u00addeln, die Sie in ein Kon\u00adtakt\u00adfor\u00admu\u00adlar ein\u00adge\u00adben.<\/p>\n\n\n\n<p>Ande\u00adre Daten wer\u00adden auto\u00adma\u00adtisch oder nach Ihrer Ein\u00adwil\u00adli\u00adgung beim Besuch der Web\u00adsite durch unse\u00adre IT-Sys\u00adte\u00adme erfasst. Das sind vor allem tech\u00adni\u00adsche Daten (z. B. Inter\u00adnet\u00adbrow\u00adser, Betriebs\u00adsys\u00adtem oder Uhr\u00adzeit des Sei\u00adten\u00adauf\u00adrufs). Die Erfas\u00adsung die\u00adser Daten erfolgt auto\u00adma\u00adtisch, sobald Sie die\u00adse Web\u00adsite betre\u00adten.<\/p>\n\n\n\n<h5 class=\"wp-block-heading\">Wof\u00fcr nutzen wir Ihre Daten?<\/h5>\n\n\n\n<p>Ein Teil der Daten wird erho\u00adben, um eine feh\u00adler\u00adfreie Bereit\u00adstel\u00adlung der Web\u00adsite zu gew\u00e4hr\u00adleis\u00adten. Ande\u00adre Daten k\u00f6n\u00adnen zur Ana\u00adly\u00adse Ihres Nut\u00adzer\u00adver\u00adhal\u00adtens ver\u00adwen\u00addet wer\u00adden.<\/p>\n\n\n\n<p>Wel\u00adche Rech\u00adte haben Sie bez\u00fcg\u00adlich Ihrer Daten?<\/p>\n\n\n\n<p>Sie haben jeder\u00adzeit das Recht, unent\u00adgelt\u00adlich Aus\u00adkunft \u00fcber Her\u00adkunft, Emp\u00adf\u00e4n\u00adger und Zweck Ihrer gespei\u00adcher\u00adten per\u00adso\u00adnen\u00adbe\u00adzo\u00adge\u00adnen Daten zu erhal\u00adten. Sie haben au\u00dfer\u00addem ein Recht, die Berich\u00adti\u00adgung oder L\u00f6schung die\u00adser Daten zu ver\u00adlan\u00adgen. Wenn Sie eine Ein\u00adwil\u00adli\u00adgung zur Daten\u00adver\u00adar\u00adbei\u00adtung erteilt haben, k\u00f6n\u00adnen Sie die\u00adse Ein\u00adwil\u00adli\u00adgung jeder\u00adzeit f\u00fcr die Zukunft wider\u00adru\u00adfen. Au\u00dfer\u00addem haben Sie das Recht, unter bestimm\u00adten Umst\u00e4n\u00adden die Ein\u00adschr\u00e4n\u00adkung der Ver\u00adar\u00adbei\u00adtung Ihrer per\u00adso\u00adnen\u00adbe\u00adzo\u00adge\u00adnen Daten zu ver\u00adlan\u00adgen. Sie haben fer\u00adner das Recht, sich bei der zust\u00e4n\u00addi\u00adgen Auf\u00adsichts\u00adbe\u00adh\u00f6r\u00adde zu beschwe\u00adren.<\/p>\n\n\n\n<p>Hier\u00adzu sowie zu wei\u00adte\u00adren Fra\u00adgen zum The\u00adma Daten\u00adschutz k\u00f6n\u00adnen Sie sich jeder\u00adzeit an uns wen\u00adden.<\/p>\n\n\n\n<h5 class=\"wp-block-heading\">Analyse-Tools und Tools von Drittanbietern<\/h5>\n\n\n\n<p>Beim Besuch die\u00adser Web\u00adsite kann Ihr Surf-Ver\u00adhal\u00adten sta\u00adtis\u00adtisch aus\u00adge\u00adwer\u00adtet wer\u00adden. Das geschieht vor allem mit soge\u00adnann\u00adten Ana\u00adly\u00adse\u00adpro\u00adgram\u00admen.<\/p>\n\n\n\n<p>Detail\u00adlier\u00adte Infor\u00adma\u00adtio\u00adnen zu die\u00adsen Ana\u00adly\u00adse\u00adpro\u00adgram\u00admen fin\u00adden Sie in der fol\u00adgen\u00adden Daten\u00adschutz\u00ader\u00adkl\u00e4\u00adrung.<\/p>\n\n\n\n<h4 class=\"wp-block-heading\">2. Hosting<\/h4>\n\n\n\n<p>Der Pro\u00advi\u00adder Hetz\u00adner Online GmbH, Indus\u00adtrie\u00adstr. 25, 91710 Gun\u00adzen\u00adhau\u00adsen (im Fol\u00adgen\u00adden Hetz\u00adner) betreibt das tech\u00adni\u00adsche Hos\u00adting die\u00adser Web\u00adsite. Details fin\u00adden Sie in&nbsp;<a href=\"https:\/\/translate.google.com\/website?sl=auto&amp;tl=de&amp;hl=de&amp;client=webapp&amp;u=https:\/\/www.hetzner.com\/de\/rechtliches\/datenschutz\">Hetz\u00adners Daten\u00adschutz\u00ader\u00adkl\u00e4\u00adrung<\/a>. Der Ein\u00adsatz von Hetz\u00adner erfolgt auf Grund\u00adla\u00adge von Art. 6 Abs. 1 lit. f DSGVO. Wir haben ein berech\u00adtig\u00adtes Inter\u00ades\u00adse dar\u00adan, dass unse\u00adre Web\u00adsite m\u00f6g\u00adlichst zuver\u00adl\u00e4s\u00adsig dar\u00adge\u00adstellt wird. Sofern eine ent\u00adspre\u00adchen\u00adde Ein\u00adwil\u00adli\u00adgung abge\u00adfragt wur\u00adde, erfolgt die Ver\u00adar\u00adbei\u00adtung aus\u00adschlie\u00df\u00adlich auf Grund\u00adla\u00adge von Art. 6 Abs. 1 lit. a DSGVO; die Ein\u00adwil\u00adli\u00adgung ist jeder\u00adzeit wider\u00adruf\u00adbar.<\/p>\n\n\n\n<h5 class=\"wp-block-heading\">Datenverarbeitung<\/h5>\n\n\n\n<p>F\u00fcr die Nut\u00adzung des o. g. Diens\u00adtes haben wir einen Auf\u00adtrags\u00adver\u00adar\u00adbei\u00adtungs\u00adver\u00adtrag (AVV) abge\u00adschlos\u00adsen. Hier\u00adbei han\u00addelt es sich um einen daten\u00adschutz\u00adrecht\u00adlich vor\u00adge\u00adschrie\u00adbe\u00adnen Ver\u00adtrag, der gew\u00e4hr\u00adleis\u00adtet, dass wir die per\u00adso\u00adnen\u00adbe\u00adzo\u00adge\u00adnen Daten unse\u00adrer Web\u00adsite\u00adbe\u00adsu\u00adcher nur nach unse\u00adren Wei\u00adsun\u00adgen und unter Ein\u00adhal\u00adtung der DSGVO ver\u00adar\u00adbei\u00adten.<\/p>\n\n\n\n<h4 class=\"wp-block-heading\">3. Allgemeine Hinweise und Pflichtinformationen<\/h4>\n\n\n\n<h5 class=\"wp-block-heading\">Datenschutz<\/h5>\n\n\n\n<p>Die Betrei\u00adber die\u00adser Sei\u00adten neh\u00admen den Schutz Ihrer per\u00ads\u00f6n\u00adli\u00adchen Daten sehr ernst. Wir behan\u00addeln Ihre per\u00adso\u00adnen\u00adbe\u00adzo\u00adge\u00adnen Daten ver\u00adtrau\u00adlich und ent\u00adspre\u00adchend der gesetz\u00adli\u00adchen Daten\u00adschutz\u00advor\u00adschrif\u00adten sowie die\u00adser Daten\u00adschutz\u00ader\u00adkl\u00e4\u00adrung.<\/p>\n\n\n\n<p>Wenn Sie die\u00adse Web\u00adsite benut\u00adzen, wer\u00adden ver\u00adschie\u00adde\u00adne per\u00adso\u00adnen\u00adbe\u00adzo\u00adge\u00adne Daten erho\u00adben. Per\u00adso\u00adnen\u00adbe\u00adzo\u00adge\u00adne Daten sind Daten, mit denen Sie per\u00ads\u00f6n\u00adlich iden\u00adti\u00adfi\u00adziert wer\u00adden k\u00f6n\u00adnen. Die vor\u00adlie\u00adgen\u00adde Daten\u00adschutz\u00ader\u00adkl\u00e4\u00adrung erl\u00e4u\u00adtert, wel\u00adche Daten wir erhe\u00adben und wof\u00fcr wir sie nut\u00adzen. Sie erl\u00e4u\u00adtert auch, wie und zu wel\u00adchem Zweck das geschieht.<\/p>\n\n\n\n<p>Wir wei\u00adsen dar\u00adauf hin, dass die Daten\u00ad\u00fcber\u00adtra\u00adgung im Inter\u00adnet (z. B. bei der Kom\u00admu\u00adni\u00adka\u00adti\u00adon per E\u2011Mail) Sicher\u00adheits\u00adl\u00fc\u00adcken auf\u00adwei\u00adsen kann. Ein l\u00fccken\u00adlo\u00adser Schutz der Daten vor dem Zugriff durch Drit\u00adte ist nicht m\u00f6g\u00adlich.<\/p>\n\n\n\n<h5 class=\"wp-block-heading\">Verantwortliche Stelle<\/h5>\n\n\n\n<p>Die ver\u00adant\u00adwort\u00adli\u00adche Stel\u00adle f\u00fcr die Daten\u00adver\u00adar\u00adbei\u00adtung auf die\u00adser Web\u00adsite ist:<\/p>\n\n\n\n<p>Becker und Klin\u00adgler GbR<br>Tul\u00adla\u00adstra\u00ad\u00dfe 14<br>68161 Mann\u00adheim<br>Ver\u00adtre\u00adtungs\u00adbe\u00adrech\u00adtig\u00adte: Tobi\u00adas Becker und Andre\u00adas Marc Klin\u00adgler<\/p>\n\n\n\n<p>Tele\u00adfon: +49 (0) 621 981 957 90<br>E\u2011Mail: mail@addo.art<\/p>\n\n\n\n<p>Ver\u00adant\u00adwort\u00adli\u00adche Stel\u00adle ist die nat\u00fcr\u00adli\u00adche oder juris\u00adti\u00adsche Per\u00adson, die allein oder gemein\u00adsam mit ande\u00adren \u00fcber die Zwe\u00adcke und Mit\u00adtel der Ver\u00adar\u00adbei\u00adtung von per\u00adso\u00adnen\u00adbe\u00adzo\u00adge\u00adnen Daten (z. B. Namen, E\u2011Mail-Adres\u00adsen o. \u00c4.) ent\u00adschei\u00addet.<\/p>\n\n\n\n<h5 class=\"wp-block-heading\">Speicherdauer<\/h5>\n\n\n\n<p>Soweit inner\u00adhalb die\u00adser Daten\u00adschutz\u00ader\u00adkl\u00e4\u00adrung kei\u00adne spe\u00adzi\u00adel\u00adle\u00adre Spei\u00adcher\u00addau\u00ader genannt wur\u00adde, ver\u00adblei\u00adben Ihre per\u00adso\u00adnen\u00adbe\u00adzo\u00adge\u00adnen Daten bei uns, bis der Zweck f\u00fcr die Daten\u00adver\u00adar\u00adbei\u00adtung ent\u00adf\u00e4llt. Wenn Sie ein berech\u00adtig\u00adtes L\u00f6scher\u00adsu\u00adchen gel\u00adtend machen oder eine Ein\u00adwil\u00adli\u00adgung zur Daten\u00adver\u00adar\u00adbei\u00adtung wider\u00adru\u00adfen, wer\u00adden Ihre Daten gel\u00f6scht, sofern wir kei\u00adnen ande\u00adren recht\u00adlich zul\u00e4s\u00adsi\u00adgen Gr\u00fcn\u00adde f\u00fcr die Spei\u00adche\u00adrung Ihrer per\u00adso\u00adnen\u00adbe\u00adzo\u00adge\u00adnen Daten haben (z.B. steu\u00ader- oder han\u00addels\u00adrecht\u00adli\u00adche Auf\u00adbe\u00adwah\u00adrungs\u00adfris\u00adten); im letzt\u00adge\u00adnann\u00adten Fall erfolgt die L\u00f6schung nach Fort\u00adfall die\u00adser Gr\u00fcn\u00adde.<\/p>\n\n\n\n<h5 class=\"wp-block-heading\">Allgemeine Hinweise zu den Rechtsgrundlagen der Datenverarbeitung auf dieser Webseite<\/h5>\n\n\n\n<p>Wenn Sie in die Daten\u00adver\u00adar\u00adbei\u00adtung ein\u00adge\u00adwil\u00adligt haben, ver\u00adar\u00adbei\u00adten wir Ihre per\u00adso\u00adnen\u00adbe\u00adzo\u00adge\u00adnen Daten auf Grund\u00adla\u00adge von Art. 6 Abs. 1 lit. a DSGVO bzw. Art. 9 Abs. 2 lit. a DSGVO. Im Fal\u00adle der aus\u00addr\u00fcck\u00adli\u00adchen Ein\u00adwil\u00adli\u00adgung in die \u00dcber\u00admitt\u00adlung per\u00adso\u00adnen\u00adbe\u00adzo\u00adge\u00adner Daten in Dritt\u00adstaa\u00adten erfolgt die Daten\u00adver\u00adar\u00adbei\u00adtung auch auf Grund\u00adla\u00adge von Art. 49 Abs. 1 lit. a DSGVO. Sofern Sie in die Spei\u00adche\u00adrung von Coo\u00adkies oder den Zugriff auf Infor\u00adma\u00adtio\u00adnen auf Ihrem End\u00adge\u00adr\u00e4t ein\u00adge\u00adwil\u00adligt haben (z. B. durch Ger\u00e4\u00adte-Fin\u00adger\u00adprin\u00adting), erfolgt die Daten\u00adver\u00adar\u00adbei\u00adtung auch auf Grund\u00adla\u00adge von \u00a7 25 Abs. 1 TTDSG. Die Ein\u00adwil\u00adli\u00adgung ist jeder\u00adzeit wider\u00adruf\u00adbar. Sind Ihre Daten zur Ver\u00adtrags\u00ader\u00adf\u00fcl\u00adlung oder zur Durch\u00adf\u00fch\u00adrung vor\u00adver\u00adtrag\u00adli\u00adcher Ma\u00df\u00adnah\u00admen erfor\u00adder\u00adlich, ver\u00adar\u00adbei\u00adten wir Ihre Daten auf Grund\u00adla\u00adge von Art. 6 Abs. 1 lit. b DSGVO. Wei\u00adter\u00adhin ver\u00adar\u00adbei\u00adten wir Ihre Daten, sofern dies zur Erf\u00fcl\u00adlung einer recht\u00adli\u00adchen Ver\u00adpflich\u00adtung erfor\u00adder\u00adlich ist, auf Grund\u00adla\u00adge von Art. 6 Abs. 1 lit. c DSGVO. Die Daten\u00adver\u00adar\u00adbei\u00adtung kann auch auf\u00adgrund unse\u00adres berech\u00adtig\u00adten Inter\u00ades\u00adses nach Art. 6 Abs. 1 lit. f DSGVO erfol\u00adgen. Auf die jewei\u00adli\u00adgen Rechts\u00adgrund\u00adla\u00adgen wird in den fol\u00adgen\u00adden Abschnit\u00adten die\u00adser Daten\u00adschutz\u00ader\u00adkl\u00e4\u00adrung jeweils geson\u00addert hin\u00adge\u00adwie\u00adsen.<\/p>\n\n\n\n<h5 class=\"wp-block-heading\">Widerruf Ihrer Einwilligung zur Datenverarbeitung<\/h5>\n\n\n\n<p>Vie\u00adle Daten\u00adver\u00adar\u00adbei\u00adtungs\u00advor\u00adg\u00e4n\u00adge sind nur mit Ihrer aus\u00addr\u00fcck\u00adli\u00adchen Ein\u00adwil\u00adli\u00adgung m\u00f6g\u00adlich. Sie k\u00f6n\u00adnen eine bereits erteil\u00adte Ein\u00adwil\u00adli\u00adgung jeder\u00adzeit wider\u00adru\u00adfen. Die Recht\u00adm\u00e4\u00ad\u00dfig\u00adkeit der bis zum Wider\u00adruf erfolg\u00adten Daten\u00adver\u00adar\u00adbei\u00adtung bleibt vom Wider\u00adruf unbe\u00adr\u00fchrt.<\/p>\n\n\n\n<h5 class=\"wp-block-heading\">Widerspruchsrecht gegen die Datenerhebung in besonderen F\u00e4llen sowie gegen Direktwerbung (Art. 21 DSGVO)<\/h5>\n\n\n\n<p>WENN DIE DATENVERARBEITUNG AUF GRUNDLAGE VON ART. 6 ABS. 1 LITER. E ODER F DSGVO, HABEN SIE JEDERZEIT DAS RECHT, AUS GR\u00dcNDEN, DIE SICH AUS IHRER BESONDEREN SITUATION ERGEBEN, GEGEN DIE VERARBEITUNG IHRER PERSONENBEZOGENEN DATEN WIDERSPRUCH EINZULEGEN; DIES GILT AUCH F\u00dcR EIN AUF DIESE BESTIMMUNGEN GEST\u00dcTZTES PROFILING. DIE JEWEILIGE RECHTSGRUNDLAGE, AUF DENEN EINE VERARBEITUNG BERUHT, ENTNEHMEN SIE DIESER DATENSCHUTZERKL\u00c4RUNG. WENN SIE WIDERSPRUCH EINLEGEN, WERDEN WIR IHRE BETROFFENEN PERSONENBEZOGENEN DATEN NICHT MEHR VERARBEITEN, ES SEI DENN, WIR K\u00d6NNEN ZWINGENDE SCHUTZW\u00dcRDIGE GR\u00dcNDE F\u00dcR DIE VERARBEITUNG NACHWEISEN, DIE IHRE INTERESSEN, RECHTE UND FREIHEITEN \u00dcBERWIEGEN ODER DIE VERARBEITUNG DIENT DER GELTENDMACHUNG, AUS\u00dcBUNG ODER VERTEIDIGUNG VON RECHTSANSPR\u00dcCHEN (WIDERSPRUCH NACH ART. 21 ABS. 1 DSGVO). WERDEN IHRE PERSONENBEZOGENEN DATEN VERARBEITET, UM DIREKTWERBUNG ZU BETREIBEN, SO HABEN SIE DAS RECHT, JEDERZEIT WIDERSPRUCH GEGEN DIE VERARBEITUNG SIE BETREFFENDER PERSONENBEZOGENER DATEN ZUM ZWECKE DERARTIGER WERBUNG EINZULEGEN; DIES GILT AUCH F\u00dcR DAS PROFILING, SOWEIT ES MIT SOLCHER DIREKTWERBUNG IN VERBINDUNG STEHT. WENN SIE WIDERSPRECHEN, WERDEN IHRE PERSONENBEZOGENEN DATEN ANSCHLIESSEND NICHT MEHR ZUM ZWECKE DER DIREKTWERBUNG VERWENDET (WIDERSPRUCH NACH ART. 21 ABS. 2 DSGVO).<\/p>\n\n\n\n<h5 class=\"wp-block-heading\">Recht auf Beschwerde bei der zust\u00e4ndigen Aufsichtsbeh\u00f6rde<\/h5>\n\n\n\n<p>Im Fal\u00adle von Ver\u00adst\u00f6\u00ad\u00dfen gegen die DSGVO steht den Betrof\u00adfe\u00adnen ein Beschwer\u00adde\u00adrecht bei einer Auf\u00adsichts\u00adbe\u00adh\u00f6r\u00adde, ins\u00adbe\u00adson\u00adde\u00adre in dem Mit\u00adglied\u00adstaat ihres gew\u00f6hn\u00adli\u00adchen Auf\u00adent\u00adhalts, ihres Arbeits\u00adplat\u00adzes oder des Orts des mut\u00adma\u00df\u00adli\u00adchen Ver\u00adsto\u00ad\u00dfes zu. Das Beschwer\u00adde\u00adrecht besteht unbe\u00adscha\u00addet ander\u00adwei\u00adti\u00adger ver\u00adwal\u00adtungs\u00adrecht\u00adli\u00adcher oder gericht\u00adli\u00adcher Rechts\u00adbe\u00adhel\u00adfe.<\/p>\n\n\n\n<h5 class=\"wp-block-heading\">Recht auf Daten\u00fcbertragbarkeit<\/h5>\n\n\n\n<p>Sie haben das Recht, Daten, die wir auf Grund\u00adla\u00adge Ihrer Ein\u00adwil\u00adli\u00adgung oder in Erf\u00fcl\u00adlung eines Ver\u00adtrags auto\u00adma\u00adti\u00adsiert ver\u00adar\u00adbei\u00adten, an sich oder an einen Drit\u00adten in einem g\u00e4n\u00adgi\u00adgen, maschi\u00adnen\u00adles\u00adba\u00adren For\u00admat aus\u00adh\u00e4n\u00addi\u00adgen zu las\u00adsen. Sofern Sie die direk\u00adte \u00dcber\u00adtra\u00adgung der Daten an einen ande\u00adren Ver\u00adant\u00adwort\u00adli\u00adchen ver\u00adlan\u00adgen, erfolgt dies nur, soweit es tech\u00adnisch mach\u00adbar ist.<\/p>\n\n\n\n<h5 class=\"wp-block-heading\">Auskunft, L\u00f6schung und Berichtigung<\/h5>\n\n\n\n<p>Sie haben im Rah\u00admen der gel\u00adten\u00adden gesetz\u00adli\u00adchen Bestim\u00admun\u00adgen jeder\u00adzeit das Recht auf unent\u00adgelt\u00adli\u00adche Aus\u00adkunft \u00fcber Ihre gespei\u00adcher\u00adten per\u00adso\u00adnen\u00adbe\u00adzo\u00adge\u00adnen Daten, deren Her\u00adkunft und Emp\u00adf\u00e4n\u00adger und den Zweck der Daten\u00adver\u00adar\u00adbei\u00adtung und ggf. ein Recht auf Berich\u00adti\u00adgung oder L\u00f6schung die\u00adser Daten. Hier\u00adzu sowie zu wei\u00adte\u00adren Fra\u00adgen zum The\u00adma per\u00adso\u00adnen\u00adbe\u00adzo\u00adge\u00adne Daten k\u00f6n\u00adnen Sie sich jeder\u00adzeit an uns wen\u00adden.<\/p>\n\n\n\n<h5 class=\"wp-block-heading\">Recht auf Einschr\u00e4nkung der Verarbeitung<\/h5>\n\n\n\n<p>Sie haben das Recht, die Ein\u00adschr\u00e4n\u00adkung der Ver\u00adar\u00adbei\u00adtung Ihrer per\u00adso\u00adnen\u00adbe\u00adzo\u00adge\u00adnen Daten zu ver\u00adlan\u00adgen. Hier\u00adzu k\u00f6n\u00adnen Sie sich jeder\u00adzeit an uns wen\u00adden. Das Recht auf Ein\u00adschr\u00e4n\u00adkung der Ver\u00adar\u00adbei\u00adtung besteht in fol\u00adgen\u00adden F\u00e4l\u00adlen:<\/p>\n\n\n\n<ul class=\"wp-block-list\">\n<li>Wenn Sie die Rich\u00adtig\u00adkeit Ihrer bei uns gespei\u00adcher\u00adten per\u00adso\u00adnen\u00adbe\u00adzo\u00adge\u00adnen Daten bestrei\u00adten, ben\u00f6\u00adti\u00adgen wir in der Regel Zeit, um dies zu \u00fcber\u00adpr\u00fc\u00adfen. F\u00fcr die Dau\u00ader der Pr\u00fc\u00adfung haben Sie das Recht, die Ein\u00adschr\u00e4n\u00adkung der Ver\u00adar\u00adbei\u00adtung Ihrer per\u00adso\u00adnen\u00adbe\u00adzo\u00adge\u00adnen Daten zu ver\u00adlan\u00adgen.<\/li>\n\n\n\n<li>Wenn die Ver\u00adar\u00adbei\u00adtung Ihrer per\u00adso\u00adnen\u00adbe\u00adzo\u00adge\u00adnen Daten unrecht\u00adm\u00e4\u00ad\u00dfig war\/ist, k\u00f6n\u00adnen Sie anstel\u00adle der L\u00f6schung eine Ein\u00adschr\u00e4n\u00adkung der Daten\u00adver\u00adar\u00adbei\u00adtung ver\u00adlan\u00adgen.<\/li>\n\n\n\n<li>Wenn wir Ihre per\u00adso\u00adnen\u00adbe\u00adzo\u00adge\u00adnen Daten nicht mehr ben\u00f6\u00adti\u00adgen, Sie sie jedoch zur Aus\u00ad\u00fcbung, Ver\u00adtei\u00addi\u00adgung oder Gel\u00adtend\u00adma\u00adchung von Rechts\u00adan\u00adspr\u00fc\u00adchen ben\u00f6\u00adti\u00adgen, haben Sie das Recht, anstel\u00adle der L\u00f6schung eine Ein\u00adschr\u00e4n\u00adkung der Ver\u00adar\u00adbei\u00adtung Ihrer per\u00adso\u00adnen\u00adbe\u00adzo\u00adge\u00adnen Daten zu ver\u00adlan\u00adgen.<\/li>\n\n\n\n<li>Wenn Sie einen Wider\u00adspruch nach Art. 21 Abs. 1 DSGVO ein\u00adge\u00adlegt haben, muss eine Abw\u00e4\u00adgung zwi\u00adschen Ihren und unse\u00adren Inter\u00ades\u00adsen vor\u00adge\u00adnom\u00admen wer\u00adden. Solan\u00adge noch nicht fest\u00adsteht, wes\u00adsen Inter\u00ades\u00adsen \u00fcber\u00adwie\u00adgen, haben Sie das Recht, die Ein\u00adschr\u00e4n\u00adkung der Ver\u00adar\u00adbei\u00adtung Ihrer per\u00adso\u00adnen\u00adbe\u00adzo\u00adge\u00adnen Daten zu ver\u00adlan\u00adgen.<\/li>\n<\/ul>\n\n\n\n<p>Wenn Sie die Ver\u00adar\u00adbei\u00adtung Ihrer per\u00adso\u00adnen\u00adbe\u00adzo\u00adge\u00adnen Daten ein\u00adge\u00adschr\u00e4nkt haben, d\u00fcr\u00adfen die\u00adse Daten \u2013 von ihrer Spei\u00adche\u00adrung abge\u00adse\u00adhen \u2013 nur mit Ihrer Ein\u00adwil\u00adli\u00adgung oder zur Gel\u00adtend\u00adma\u00adchung, Aus\u00ad\u00fcbung oder Ver\u00adtei\u00addi\u00adgung von Rechts\u00adan\u00adspr\u00fc\u00adchen oder zum Schutz der Rech\u00adte einer ande\u00adren nat\u00fcr\u00adli\u00adchen oder juris\u00adti\u00adschen Per\u00adson oder aus Gr\u00fcn\u00adden eines wich\u00adti\u00adgen \u00f6ffent\u00adli\u00adchen Inter\u00ades\u00adses der Euro\u00adp\u00e4i\u00adschen Uni\u00adon oder eines Mit\u00adglied\u00adstaats ver\u00adar\u00adbei\u00adtet wer\u00adden.<\/p>\n\n\n\n<h5 class=\"wp-block-heading\">SSL- bzw. TLS-Verschl\u00fcsselung<\/h5>\n\n\n\n<p>Die\u00adse Sei\u00adte nutzt aus Sicher\u00adheits\u00adgr\u00fcn\u00adden und zum Schutz der \u00dcber\u00adtra\u00adgung ver\u00adtrau\u00adli\u00adcher Inhal\u00adte, wie zum Bei\u00adspiel Bestel\u00adlun\u00adgen oder Anfra\u00adgen, die Sie an uns als Sei\u00adten\u00adbe\u00adtrei\u00adber sen\u00adden, eine SSL-bzw. TLS-Ver\u00adschl\u00fcs\u00adse\u00adlung. Eine ver\u00adschl\u00fcs\u00adsel\u00adte Ver\u00adbin\u00addung erken\u00adnen Sie dar\u00adan, dass die Adress\u00adzei\u00adle des Brow\u00adsers von \u201ehttp:\/\/\u201c auf \u201ehttps:\/\/\u201c wech\u00adselt und an dem Schloss-Sym\u00adbol in Ihrer Brow\u00adser\u00adzei\u00adle.<\/p>\n\n\n\n<p>Wenn die SSL- bzw. TLS-Ver\u00adschl\u00fcs\u00adse\u00adlung akti\u00adviert ist, k\u00f6n\u00adnen die Daten, die Sie an uns \u00fcber\u00admit\u00adteln, nicht von Drit\u00adten mit\u00adge\u00adle\u00adsen wer\u00adden.<\/p>\n\n\n\n<h4 class=\"wp-block-heading\">4. Datenerfassung auf dieser Website<\/h4>\n\n\n\n<h5 class=\"wp-block-heading\">Cookies<\/h5>\n\n\n\n<p>Unse\u00adre Inter\u00adnet\u00adsei\u00adten ver\u00adwen\u00adden so genann\u00adte \u201eCoo\u00adkies\u201c. Coo\u00adkies sind klei\u00adne Daten\u00adpa\u00adke\u00adte und rich\u00adten auf Ihrem End\u00adge\u00adr\u00e4t kei\u00adnen Scha\u00adden an. Sie wer\u00adden ent\u00adwe\u00adder vor\u00ad\u00fcber\u00adge\u00adhend f\u00fcr die Dau\u00ader einer Sit\u00adzung (Ses\u00adsi\u00adon-Coo\u00adkies) oder dau\u00ader\u00adhaft (per\u00adma\u00adnen\u00adte Coo\u00adkies) auf Ihrem End\u00adge\u00adr\u00e4t gespei\u00adchert. Ses\u00adsi\u00adon-Coo\u00adkies wer\u00adden nach Ende Ihres Besuchs auto\u00adma\u00adtisch gel\u00f6scht. Per\u00adma\u00adnen\u00adte Coo\u00adkies blei\u00adben auf Ihrem End\u00adge\u00adr\u00e4t gespei\u00adchert, bis Sie die\u00adse selbst l\u00f6schen oder eine auto\u00adma\u00adti\u00adsche L\u00f6schung durch Ihren Web\u00adbrow\u00adser erfolgt.<\/p>\n\n\n\n<p>Teil\u00adwei\u00adse k\u00f6n\u00adnen auch Coo\u00adkies von Dritt\u00adun\u00adter\u00adneh\u00admen auf Ihrem End\u00adge\u00adr\u00e4t gespei\u00adchert wer\u00adden, wenn Sie unse\u00adre Sei\u00adte betre\u00adten (Third-Par\u00adty-Coo\u00adkies). Die\u00adse erm\u00f6g\u00adli\u00adchen uns oder Ihnen die Nut\u00adzung bestimm\u00adter Dienst\u00adleis\u00adtun\u00adgen des Dritt\u00adun\u00adter\u00adneh\u00admens (z. B. Coo\u00adkies zur Abwick\u00adlung von Zah\u00adlungs\u00addienst\u00adleis\u00adtun\u00adgen).<\/p>\n\n\n\n<p>Coo\u00adkies haben ver\u00adschie\u00adde\u00adne Funk\u00adtio\u00adnen. Zahl\u00adrei\u00adche Coo\u00adkies sind tech\u00adnisch not\u00adwen\u00addig, da bestimm\u00adte Web\u00adsei\u00adten\u00adfunk\u00adtio\u00adnen ohne die\u00adse nicht funk\u00adtio\u00adnie\u00adren w\u00fcr\u00adden (z. B. die Waren\u00adkorb\u00adfunk\u00adti\u00adon oder die Anzei\u00adge von Vide\u00ados). Ande\u00adre Coo\u00adkies die\u00adnen dazu, das Nut\u00adzer\u00adver\u00adhal\u00adten aus\u00adzu\u00adwer\u00adten oder Wer\u00adbung anzu\u00adzei\u00adgen.<\/p>\n\n\n\n<p>Coo\u00adkies, die zur Durch\u00adf\u00fch\u00adrung des elek\u00adtro\u00adni\u00adschen Kom\u00admu\u00adni\u00adka\u00adti\u00adons\u00advor\u00adgangs, zur Bereit\u00adstel\u00adlung bestimm\u00adter, von Ihnen erw\u00fcnsch\u00adter Funk\u00adtio\u00adnen (z. B. f\u00fcr die Waren\u00adkorb\u00adfunk\u00adti\u00adon) oder zur Opti\u00admie\u00adrung der Web\u00adsite (z. B. Coo\u00adkies zur Mes\u00adsung des Web\u00adpu\u00adbli\u00adkums) erfor\u00adder\u00adlich sind (not\u00adwen\u00addi\u00adge Coo\u00adkies), wer\u00adden auf Grund\u00adla\u00adge von Art. 6 Abs. 1 lit. f DSGVO gespei\u00adchert, sofern kei\u00adne ande\u00adre Rechts\u00adgrund\u00adla\u00adge ange\u00adge\u00adben wird. Der Web\u00adsite\u00adbe\u00adtrei\u00adber hat ein berech\u00adtig\u00adtes Inter\u00ades\u00adse an der Spei\u00adche\u00adrung von not\u00adwen\u00addi\u00adgen Coo\u00adkies zur tech\u00adnisch feh\u00adler\u00adfrei\u00aden und opti\u00admier\u00adten Bereit\u00adstel\u00adlung sei\u00adner Diens\u00adte. Sofern eine Ein\u00adwil\u00adli\u00adgung zur Spei\u00adche\u00adrung von Coo\u00adkies und ver\u00adgleich\u00adba\u00adren Wie\u00adder\u00aderken\u00adnungs\u00adtech\u00adno\u00adlo\u00adgien abge\u00adfragt wur\u00adde, erfolgt die Ver\u00adar\u00adbei\u00adtung aus\u00adschlie\u00df\u00adlich auf Grund\u00adla\u00adge die\u00adser Ein\u00adwil\u00adli\u00adgung (Art. 6 Abs. 1 lit. a DSGVO und \u00a7 25 Abs. 1 TTDSG); die Ein\u00adwil\u00adli\u00adgung ist jeder\u00adzeit wider\u00adruf\u00adbar.<\/p>\n\n\n\n<p>Sie k\u00f6n\u00adnen Ihren Brow\u00adser so ein\u00adstel\u00adlen, dass Sie \u00fcber das Set\u00adzen von Coo\u00adkies infor\u00admiert wer\u00adden und Coo\u00adkies nur im Ein\u00adzel\u00adfall erlau\u00adben, die Annah\u00adme von Coo\u00adkies f\u00fcr bestimm\u00adte F\u00e4l\u00adle oder gene\u00adrell aus\u00adschlie\u00ad\u00dfen sowie das auto\u00adma\u00adti\u00adsche L\u00f6schen der Coo\u00adkies beim Schlie\u00ad\u00dfen des Brow\u00adsers akti\u00advie\u00adren. Bei der Deak\u00adti\u00advie\u00adrung von Coo\u00adkies kann die Funk\u00adtio\u00adna\u00adli\u00adt\u00e4t die\u00adser Web\u00adsite ein\u00adge\u00adschr\u00e4nkt sein.<\/p>\n\n\n\n<p>Soweit Coo\u00adkies von Dritt\u00adun\u00adter\u00adneh\u00admen oder zu Ana\u00adly\u00adse\u00adzwe\u00adcken ein\u00adge\u00adsetzt wer\u00adden, wer\u00adden wir Sie hier\u00ad\u00fcber im Rah\u00admen die\u00adser Daten\u00adschutz\u00ader\u00adkl\u00e4\u00adrung geson\u00addert infor\u00admie\u00adren und ggf. eine Ein\u00adwil\u00adli\u00adgung abfra\u00adgen.<\/p>\n\n\n\n<h5 class=\"wp-block-heading\">Server-Log-Dateien<\/h5>\n\n\n\n<p>Der Pro\u00advi\u00adder der Sei\u00adten erhebt und spei\u00adchert auto\u00adma\u00adtisch Infor\u00adma\u00adtio\u00adnen in so genann\u00adten Ser\u00adver-Log-Datei\u00aden, die Ihr Brow\u00adser auto\u00adma\u00adtisch an uns \u00fcber\u00admit\u00adtelt. Dies sind:<\/p>\n\n\n\n<ul class=\"wp-block-list\">\n<li>Brow\u00adser\u00adtyp und Brow\u00adser\u00adver\u00adsi\u00adon<\/li>\n\n\n\n<li>ver\u00adwen\u00adde\u00adtes Betriebs\u00adsys\u00adtem<\/li>\n\n\n\n<li>Refer\u00adrer URL<\/li>\n\n\n\n<li>Host\u00adna\u00adme des zugrei\u00adfen\u00adden Rech\u00adners<\/li>\n\n\n\n<li>Uhr\u00adzeit der Ser\u00adver\u00adan\u00adfra\u00adge<\/li>\n\n\n\n<li>IP-Adres\u00adse<\/li>\n<\/ul>\n\n\n\n<p>Eine Zusam\u00admen\u00adf\u00fch\u00adrung die\u00adser Daten mit ande\u00adren Daten\u00adquel\u00adlen wird nicht vor\u00adge\u00adnom\u00admen.<\/p>\n\n\n\n<p>Die Erfas\u00adsung die\u00adser Daten erfolgt auf Grund\u00adla\u00adge von Art. 6 Abs. 1 lit. f DSGVO. Der Web\u00adsite\u00adbe\u00adtrei\u00adber hat ein berech\u00adtig\u00adtes Inter\u00ades\u00adse an der tech\u00adnisch feh\u00adler\u00adfrei\u00aden Dar\u00adstel\u00adlung und der Opti\u00admie\u00adrung sei\u00adner Web\u00adsite \u2013 hier\u00adzu m\u00fcs\u00adsen die Ser\u00adver-Log-Files erfasst wer\u00adden.<\/p>\n\n\n\n<h5 class=\"wp-block-heading\">Einsatz von Matomo (ehemals Piwik)<\/h5>\n\n\n\n<p>Wir ver\u00adwen\u00adden auf die\u00adser Web\u00adsite den Web\u00adana\u00adly\u00adse\u00addienst&nbsp;Mato\u00admo, um die Nut\u00adzung unse\u00adrer Web\u00adsite sta\u00adtis\u00adtisch aus\u00adzu\u00adwer\u00adten und unser Ange\u00adbot zu opti\u00admie\u00adren.<\/p>\n\n\n\n<p>Mato\u00admo benutzt auch Coo\u00adkies&nbsp;und spei\u00adchert die erfass\u00adten Infor\u00adma\u00adtio\u00adnen aus\u00adschlie\u00df\u00adlich auf unse\u00adrem eige\u00adnen Ser\u00adver in Deutsch\u00adland.<\/p>\n\n\n\n<p>Die IP-Adres\u00adse wird vor der Spei\u00adche\u00adrung anony\u00admi\u00adsiert, sodass ein direk\u00adter Per\u00adso\u00adnen\u00adbe\u00adzug aus\u00adge\u00adschlos\u00adsen ist.<\/p>\n\n\n\n<p>Die Aus\u00adwer\u00adtung der Daten erfolgt aus\u00adschlie\u00df\u00adlich durch uns und dient der Ver\u00adbes\u00adse\u00adrung unse\u00adres Inter\u00adnet\u00adauf\u00adtritts. Eine Wei\u00adter\u00adga\u00adbe der Daten an Drit\u00adte erfolgt nicht.<\/p>\n\n\n\n<div id=\"matomo-opt-out\"><\/div>\n<script src=\"https:\/\/matomo.addo.art\/index.php?module=CoreAdminHome&amp;action=optOutJS&amp;divId=matomo-opt-out&amp;language=auto&amp;showIntro=1\"><\/script>\n\n\n\n<h5 class=\"wp-block-heading\">Kontaktformular<\/h5>\n\n\n\n<p>Wenn Sie uns per Kon\u00adtakt\u00adfor\u00admu\u00adlar Anfra\u00adgen zukom\u00admen las\u00adsen, wer\u00adden Ihre Anga\u00adben aus dem Anfra\u00adge\u00adfor\u00admu\u00adlar inklu\u00adsi\u00adve der von Ihnen dort ange\u00adge\u00adbe\u00adnen Kon\u00adtakt\u00adda\u00adten zwecks Bear\u00adbei\u00adtung der Anfra\u00adge und f\u00fcr den Fall von Anschluss\u00adfra\u00adgen bei uns gespei\u00adchert. Die\u00adse Daten geben wir nicht ohne Ihre Ein\u00adwil\u00adli\u00adgung wei\u00adter.<\/p>\n\n\n\n<p>Die Ver\u00adar\u00adbei\u00adtung die\u00adser Daten erfolgt auf Grund\u00adla\u00adge von Art. 6 Abs. 1 lit. b DSGVO, sofern Ihre Anfra\u00adge mit der Erf\u00fcl\u00adlung eines Ver\u00adtrags zusam\u00admen\u00adh\u00e4ngt oder zur Durch\u00adf\u00fch\u00adrung vor\u00adver\u00adtrag\u00adli\u00adcher Ma\u00df\u00adnah\u00admen erfor\u00adder\u00adlich ist. In allen \u00fcbri\u00adgen F\u00e4l\u00adlen beruht die Ver\u00adar\u00adbei\u00adtung auf unse\u00adrem berech\u00adtig\u00adten Inter\u00ades\u00adse an der effek\u00adti\u00adven Bear\u00adbei\u00adtung der an uns gerich\u00adte\u00adten Anfra\u00adgen (Art. 6 Abs. 1 lit. f DSGVO) oder auf Ihrer Ein\u00adwil\u00adli\u00adgung (Art. 6 Abs. 1 lit. a DSGVO) sofern die\u00adse abge\u00adfragt wur\u00adde; die Ein\u00adwil\u00adli\u00adgung ist jeder\u00adzeit wider\u00adruf\u00adbar.<\/p>\n\n\n\n<p>Die von Ihnen im Kon\u00adtakt\u00adfor\u00admu\u00adlar ein\u00adge\u00adge\u00adbe\u00adnen Daten ver\u00adblei\u00adben bei uns, bis Sie uns zur L\u00f6schung auf\u00adfor\u00addern, Ihre Ein\u00adwil\u00adli\u00adgung zur Spei\u00adche\u00adrung wider\u00adru\u00adfen oder der Zweck f\u00fcr die Daten\u00adspei\u00adche\u00adrung ent\u00adf\u00e4llt (z. B. nach abge\u00adschlos\u00adse\u00adner Bear\u00adbei\u00adtung Ihrer Anfra\u00adge). Zwin\u00adgen\u00adde gesetz\u00adli\u00adche Bestim\u00admun\u00adgen \u2013 ins\u00adbe\u00adson\u00adde\u00adre Auf\u00adbe\u00adwah\u00adrungs\u00adfris\u00adten \u2013 blei\u00adben unbe\u00adr\u00fchrt.<\/p>\n\n\n\n<h5 class=\"wp-block-heading\">Anfragen per E\u2011Mail oder Telefon<\/h5>\n\n\n\n<p>Wenn Sie uns per E\u2011Mail oder Tele\u00adfon kon\u00adtak\u00adtie\u00adren, wird Ihre Anfra\u00adge ein\u00adschlie\u00df\u00adlich aller dar\u00adaus resul\u00adtie\u00adren\u00adden per\u00adso\u00adnen\u00adbe\u00adzo\u00adge\u00adnen Daten (Name, Anfra\u00adge) von uns zum Zwe\u00adcke der Bear\u00adbei\u00adtung Ihrer Anfra\u00adge gespei\u00adchert und ver\u00adar\u00adbei\u00adtet. Wir geben die\u00adse Daten nicht ohne Ihre Zustim\u00admung wei\u00adter.<\/p>\n\n\n\n<p>Die Ver\u00adar\u00adbei\u00adtung die\u00adser Daten erfolgt auf der Grund\u00adla\u00adge von Art. 6 Abs. 1 lit. b DSGVO, sofern Ihre Anfra\u00adge mit der Erf\u00fcl\u00adlung eines Ver\u00adtrags zusam\u00admen\u00adh\u00e4ngt oder zur Durch\u00adf\u00fch\u00adrung vor\u00adver\u00adtrag\u00adli\u00adcher Ma\u00df\u00adnah\u00admen erfor\u00adder\u00adlich ist. In allen \u00fcbri\u00adgen F\u00e4l\u00adlen beruht die Ver\u00adar\u00adbei\u00adtung auf unse\u00adrem berech\u00adtig\u00adten Inter\u00ades\u00adse an der effek\u00adti\u00adven Bear\u00adbei\u00adtung der an uns gerich\u00adte\u00adten Anfra\u00adgen (Art. 6 Abs. 1 lit. f DSGVO) oder auf Ihrer Ein\u00adwil\u00adli\u00adgung (Art. 6 Abs. 1 lit. a DSGVO) sofern die\u00adse abge\u00adfragt wur\u00adde; die Ein\u00adwil\u00adli\u00adgung ist jeder\u00adzeit wider\u00adruf\u00adbar.<\/p>\n\n\n\n<p>Die von Ihnen an uns per Kon\u00adtakt\u00adan\u00adfra\u00adgen \u00fcber\u00adsand\u00adten Daten ver\u00adblei\u00adben bei uns, bis Sie uns zur L\u00f6schung auf\u00adfor\u00addern, Ihre Ein\u00adwil\u00adli\u00adgung zur Spei\u00adche\u00adrung wider\u00adru\u00adfen oder der Zweck f\u00fcr die Daten\u00adspei\u00adche\u00adrung ent\u00adf\u00e4llt (z. B. nach abge\u00adschlos\u00adse\u00adner Bear\u00adbei\u00adtung Ihres Anlie\u00adgens). Zwin\u00adgen\u00adde gesetz\u00adli\u00adche Bestim\u00admun\u00adgen \u2013 ins\u00adbe\u00adson\u00adde\u00adre gesetz\u00adli\u00adche Auf\u00adbe\u00adwah\u00adrungs\u00adfris\u00adten \u2013 blei\u00adben unbe\u00adr\u00fchrt.<\/p>\n\n\n\n<h4 class=\"wp-block-heading\">5. Newsletter<\/h4>\n\n\n\n<h5 class=\"wp-block-heading\">Newsletter-Daten<\/h5>\n\n\n\n<p>Wenn Sie den auf der Web\u00adsite ange\u00adbo\u00adte\u00adnen News\u00adlet\u00adter bezie\u00adhen m\u00f6ch\u00adten, ben\u00f6\u00adti\u00adgen wir von Ihnen eine E\u2011Mail-Adres\u00adse sowie Infor\u00adma\u00adtio\u00adnen, wel\u00adche uns die \u00dcber\u00adpr\u00fc\u00adfung gestat\u00adten, dass Sie der Inha\u00adber der ange\u00adge\u00adbe\u00adnen E\u2011Mail-Adres\u00adse sind und mit dem Emp\u00adfang des News\u00adlet\u00adters ein\u00adver\u00adstan\u00adden sind. Wei\u00adte\u00adre Daten wer\u00adden nicht bzw. nur auf frei\u00adwil\u00adli\u00adger Basis erho\u00adben. Die\u00adse Daten ver\u00adwen\u00adden wir aus\u00adschlie\u00df\u00adlich f\u00fcr den Ver\u00adsand der ange\u00adfor\u00adder\u00adten Infor\u00adma\u00adtio\u00adnen und geben die\u00adse nicht an Drit\u00adte wei\u00adter.<\/p>\n\n\n\n<p>Die Ver\u00adar\u00adbei\u00adtung der in das News\u00adlet\u00adter-Anmel\u00adde\u00adfor\u00admu\u00adlar ein\u00adge\u00adge\u00adbe\u00adnen Daten erfolgt aus\u00adschlie\u00df\u00adlich auf Grund\u00adla\u00adge Ihrer Ein\u00adwil\u00adli\u00adgung (Art. 6 Abs. 1 lit. a DSGVO). Die erteil\u00adte Ein\u00adwil\u00adli\u00adgung zur Spei\u00adche\u00adrung der Daten, der E\u2011Mail-Adres\u00adse sowie deren Nut\u00adzung zum Ver\u00adsand des News\u00adlet\u00adters k\u00f6n\u00adnen Sie jeder\u00adzeit wider\u00adru\u00adfen, etwa \u00fcber den \u201eAustragen\u201c-Link im News\u00adlet\u00adter. Die Recht\u00adm\u00e4\u00ad\u00dfig\u00adkeit der bereits erfolg\u00adten Daten\u00adver\u00adar\u00adbei\u00adtungs\u00advor\u00adg\u00e4n\u00adge bleibt vom Wider\u00adruf unbe\u00adr\u00fchrt.<\/p>\n\n\n\n<p>Die von Ihnen zum Zwe\u00adcke des News\u00adlet\u00adter-Bezugs bei uns hin\u00adter\u00adleg\u00adten Daten wer\u00adden von uns bis zu Ihrer Aus\u00adtra\u00adgung aus dem News\u00adlet\u00adter bei uns bzw. dem News\u00adlet\u00adter\u00addiens\u00adte\u00adan\u00adbie\u00adter gespei\u00adchert und nach der Abbe\u00adstel\u00adlung des News\u00adlet\u00adters oder nach Zweck\u00adfort\u00adfall aus der News\u00adlet\u00adter\u00adver\u00adtei\u00adler\u00adlis\u00adte gel\u00f6scht. Wir behal\u00adten uns vor, E\u2011Mail-Adres\u00adsen aus unse\u00adrem News\u00adlet\u00adter\u00adver\u00adtei\u00adler nach eige\u00adnem Ermes\u00adsen im Rah\u00admen unse\u00adres berech\u00adtig\u00adten Inter\u00ades\u00adses nach Art. 6 Abs. 1 lit. f) DSGVO zu l\u00f6schen oder zu sper\u00adren.<\/p>\n\n\n\n<p>Daten, die zu ande\u00adren Zwe\u00adcken bei uns gespei\u00adchert wur\u00adden, blei\u00adben hier\u00advon unbe\u00adr\u00fchrt.<\/p>\n\n\n\n<p>Nach Ihrer Aus\u00adtra\u00adgung aus der News\u00adlet\u00adter\u00adver\u00adtei\u00adler\u00adlis\u00adte wird Ihre E\u2011Mail-Adres\u00adse bei uns bzw. dem News\u00adlet\u00adter\u00addiens\u00adte\u00adan\u00adbie\u00adter ggf. in einer Black\u00adlist gespei\u00adchert, wenn dies erfor\u00adder\u00adlich ist, um k\u00fcnf\u00adti\u00adge Mai\u00adlings zu ver\u00adhin\u00addern. Die Daten aus der Black\u00adlist wer\u00adden nur f\u00fcr die\u00adsen Zweck ver\u00adwen\u00addet und nicht mit ande\u00adren Daten zusam\u00admen\u00adge\u00adf\u00fchrt. Dies dient sowohl Ihrem Inter\u00ades\u00adse als auch unse\u00adrem Inter\u00ades\u00adse an der Ein\u00adhal\u00adtung der gesetz\u00adli\u00adchen Vor\u00adga\u00adben beim Ver\u00adsand von News\u00adlet\u00adtern (berech\u00adtig\u00adtes Inter\u00ades\u00adse im Sin\u00adne des Art. 6 Abs. 1 lit. f DSGVO). Die Spei\u00adche\u00adrung in der Black\u00adlist ist zeit\u00adlich nicht befris\u00adtet. Sie k\u00f6n\u00adnen der Spei\u00adche\u00adrung wider\u00adspre\u00adchen, sofern Ihre Inter\u00ades\u00adsen unser berech\u00adtig\u00adtes Inter\u00ades\u00adse \u00fcber\u00adwie\u00adgen.<\/p>\n\n\n\n<p>Quel\u00adle:<br><a href=\"https:\/\/www.e-recht24.de\/\">https:\/\/www.e\u2011recht24.de<\/a><\/p>\n<\/div>\n\n\n\n<p><\/p>\n","protected":false},"excerpt":{"rendered":"<p>Daten\u00adschutz\u00ader\u00adkl\u00e4\u00adrung Daten\u00adschutz 1. Zusam\u00admen\u00adfas\u00adsung All\u00adge\u00admei\u00adne Infor\u00adma\u00adtio\u00adnen Die fol\u00adgen\u00adden Infor\u00adma\u00adtio\u00adnen geben einen ein\u00adfa\u00adchen \u00dcber\u00adblick dar\u00ad\u00fcber, was mit Ihren per\u00adso\u00adnen\u00adbe\u00adzo\u00adge\u00adnen Daten pas\u00adsiert, wenn Sie die\u00adse Web\u00adsite besu\u00adchen. Per\u00adso\u00adnen\u00adbe\u00adzo\u00adge\u00adne Daten sind alle Daten, mit denen Sie per\u00ads\u00f6n\u00adlich iden\u00adti\u00adfi\u00adziert wer\u00adden k\u00f6n\u00adnen. Aus\u00adf\u00fchr\u00adli\u00adche Infor\u00adma\u00adtio\u00adnen zum The\u00adma Daten\u00adschutz fin\u00adden Sie in unse\u00adrer Daten\u00adschutz\u00ader\u00adkl\u00e4\u00adrung, die unter die\u00adsem Text auf\u00adge\u00adf\u00fchrt ist. Daten\u00ader\u00adfas\u00adsung auf [\u2026]<\/p>\n","protected":false},"author":1,"featured_media":0,"parent":0,"menu_order":0,"comment_status":"closed","ping_status":"open","template":"","meta":{"inline_featured_image":false,"wp_typography_post_enhancements_disabled":false,"slim_seo":{"title":"Datenschutzerkl\u00e4rung - addo.art","description":"Datenschutzerkl\u00e4rung Datenschutz 1. Zusammenfassung Allgemeine Informationen Die folgenden Informationen geben einen einfachen \u00dcberblick dar\u00fcber, was mit Ihren"},"footnotes":""},"class_list":["post-3","page","type-page","status-publish","hentry"],"_links":{"self":[{"href":"https:\/\/addo.art\/de\/wp-json\/wp\/v2\/pages\/3","targetHints":{"allow":["GET"]}}],"collection":[{"href":"https:\/\/addo.art\/de\/wp-json\/wp\/v2\/pages"}],"about":[{"href":"https:\/\/addo.art\/de\/wp-json\/wp\/v2\/types\/page"}],"author":[{"embeddable":true,"href":"https:\/\/addo.art\/de\/wp-json\/wp\/v2\/users\/1"}],"replies":[{"embeddable":true,"href":"https:\/\/addo.art\/de\/wp-json\/wp\/v2\/comments?post=3"}],"version-history":[{"count":4,"href":"https:\/\/addo.art\/de\/wp-json\/wp\/v2\/pages\/3\/revisions"}],"predecessor-version":[{"id":414,"href":"https:\/\/addo.art\/de\/wp-json\/wp\/v2\/pages\/3\/revisions\/414"}],"wp:attachment":[{"href":"https:\/\/addo.art\/de\/wp-json\/wp\/v2\/media?parent=3"}],"curies":[{"name":"wp","href":"https:\/\/api.w.org\/{rel}","templated":true}]}}